{"id":1036,"date":"2025-11-18T00:22:38","date_gmt":"2025-11-17T23:22:38","guid":{"rendered":"https:\/\/sarreldellevant.net\/empreses-i-esdeveniments\/"},"modified":"2025-12-04T15:29:28","modified_gmt":"2025-12-04T14:29:28","slug":"empreses-i-esdeveniments","status":"publish","type":"page","link":"https:\/\/sarreldellevant.net\/ca\/empreses-i-esdeveniments\/","title":{"rendered":"Empreses i esdeveniments"},"content":{"rendered":"<p>[et_pb_section fb_built=&#8221;1&#8243; _builder_version=&#8221;4.27.4&#8243; _module_preset=&#8221;default&#8221; global_colors_info=&#8221;{}&#8221;][et_pb_row _builder_version=&#8221;4.27.4&#8243; _module_preset=&#8221;default&#8221; global_colors_info=&#8221;{}&#8221;][et_pb_column type=&#8221;4_4&#8243; _builder_version=&#8221;4.27.4&#8243; _module_preset=&#8221;default&#8221; global_colors_info=&#8221;{}&#8221;][et_pb_text _builder_version=&#8221;4.27.4&#8243; _module_preset=&#8221;default&#8221; header_text_align=&#8221;center&#8221; header_font_size=&#8221;50px&#8221; global_colors_info=&#8221;{}&#8221;]<\/p>\n<h1>Cosm\u00e8tica natural per a empreses i esdeveniments<\/h1>\n<p>[\/et_pb_text][\/et_pb_column][\/et_pb_row][et_pb_row _builder_version=&#8221;4.27.4&#8243; _module_preset=&#8221;default&#8221; global_colors_info=&#8221;{}&#8221;][et_pb_column type=&#8221;4_4&#8243; _builder_version=&#8221;4.27.4&#8243; _module_preset=&#8221;default&#8221; global_colors_info=&#8221;{}&#8221;][et_pb_image src=&#8221;https:\/\/sarreldellevant.net\/wp-content\/uploads\/2025\/09\/100X400PX-SABONS.png&#8221; title_text=&#8221;100X400PX-SABONS&#8221; _builder_version=&#8221;4.27.4&#8243; _module_preset=&#8221;default&#8221; global_colors_info=&#8221;{}&#8221;][\/et_pb_image][\/et_pb_column][\/et_pb_row][et_pb_row _builder_version=&#8221;4.27.4&#8243; _module_preset=&#8221;default&#8221; global_colors_info=&#8221;{}&#8221;][et_pb_column type=&#8221;4_4&#8243; _builder_version=&#8221;4.27.4&#8243; _module_preset=&#8221;default&#8221; global_colors_info=&#8221;{}&#8221;][et_pb_text _builder_version=&#8221;4.27.4&#8243; _module_preset=&#8221;default&#8221; text_font_size=&#8221;18px&#8221; global_colors_info=&#8221;{}&#8221;]<\/p>\n<p data-start=\"251\" data-end=\"524\"><span style=\"color: #97a399;\"><strong>Ets un hotel boutique, un B&amp;B amb encant, gestiones un iot exclusiu o est\u00e0s organitzant un esdeveniment inoblidable?<\/strong><\/span> Creem<span> <\/span><strong data-start=\"377\" data-end=\"408\">cosm\u00e8tica natural artesanal<\/strong><span> <\/span>adaptada al teu projecte: amenities sostenibles, regals \u00fanics i sets de cura que enamoren des del primer gest.<\/p>\n<p data-start=\"526\" data-end=\"784\"><strong data-start=\"526\" data-end=\"609\">Sabons fets a m\u00e0, xamp\u00fas s\u00f2lids, b\u00e0lsams i sets personalitzats<\/strong>, elaborats amb ingredients ecol\u00f2gics, plantes locals i olis essencials purs.<br data-start=\"694\" data-end=\"697\">Tot amb un disseny acurat, una \u00e0nima conscient i aquest toc que els teus clients recordaran.<\/p>\n<p data-start=\"786\" data-end=\"801\">Perfectes per a:<\/p>\n<p>[\/et_pb_text][\/et_pb_column][\/et_pb_row][et_pb_row column_structure=&#8221;1_5,1_5,1_5,1_5,1_5&#8243; _builder_version=&#8221;4.27.4&#8243; _module_preset=&#8221;default&#8221; global_colors_info=&#8221;{}&#8221;][et_pb_column type=&#8221;1_5&#8243; _builder_version=&#8221;4.27.4&#8243; _module_preset=&#8221;default&#8221; global_colors_info=&#8221;{}&#8221;][et_pb_image src=&#8221;https:\/\/sarreldellevant.net\/wp-content\/uploads\/2025\/11\/bodas-sarreldellevant.png&#8221; title_text=&#8221;noces-sarreldellevant&#8221; align=&#8221;center&#8221; _builder_version=&#8221;4.27.4&#8243; _module_preset=&#8221;default&#8221; width=&#8221;100%&#8221; min_height=&#8221;100px&#8221; global_colors_info=&#8221;{}&#8221;][\/et_pb_image][et_pb_text _builder_version=&#8221;4.27.4&#8243; _module_preset=&#8221;default&#8221; header_2_font=&#8221;&#8211;et_global_heading_font||||||||&#8221; header_2_text_align=&#8221;center&#8221; header_2_font_size=&#8221;25px&#8221; header_3_text_align=&#8221;center&#8221; header_3_text_color=&#8221;#665E5E&#8221; header_3_font_size=&#8221;25px&#8221; global_colors_info=&#8221;{}&#8221;]<\/p>\n<h2>Hotels, cases rurals i spa<\/h2>\n<p>[\/et_pb_text][\/et_pb_column][et_pb_column type=&#8221;1_5&#8243; _builder_version=&#8221;4.27.4&#8243; _module_preset=&#8221;default&#8221; global_colors_info=&#8221;{}&#8221;][et_pb_image src=&#8221;https:\/\/sarreldellevant.net\/wp-content\/uploads\/2025\/11\/hoteles-spa-sarrel-de-llevant.png&#8221; title_text=&#8221;hotels-spa-sarrel-de-llevant&#8221; align=&#8221;center&#8221; _builder_version=&#8221;4.27.4&#8243; _module_preset=&#8221;default&#8221; global_colors_info=&#8221;{}&#8221;][\/et_pb_image][et_pb_text _builder_version=&#8221;4.27.4&#8243; _module_preset=&#8221;default&#8221; header_2_font=&#8221;&#8211;et_global_heading_font||||||||&#8221; header_2_text_align=&#8221;center&#8221; header_2_font_size=&#8221;25px&#8221; header_3_font=&#8221;||||||||&#8221; header_3_text_align=&#8221;center&#8221; header_3_font_size=&#8221;25px&#8221; global_colors_info=&#8221;{}&#8221;]<\/p>\n<h3>Noces, batejos i comunions<\/h3>\n<p>[\/et_pb_text][\/et_pb_column][et_pb_column type=&#8221;1_5&#8243; _builder_version=&#8221;4.27.4&#8243; _module_preset=&#8221;default&#8221; global_colors_info=&#8221;{}&#8221;][et_pb_image src=&#8221;https:\/\/sarreldellevant.net\/wp-content\/uploads\/2025\/11\/yates-sarrel-de-llevant.png&#8221; title_text=&#8221;iots-sarrel-de-llevant&#8221; align=&#8221;center&#8221; _builder_version=&#8221;4.27.4&#8243; _module_preset=&#8221;default&#8221; global_colors_info=&#8221;{}&#8221;][\/et_pb_image][et_pb_text _builder_version=&#8221;4.27.4&#8243; _module_preset=&#8221;default&#8221; header_2_font=&#8221;&#8211;et_global_heading_font||||||||&#8221; header_2_text_align=&#8221;center&#8221; header_2_font_size=&#8221;25px&#8221; header_3_text_align=&#8221;center&#8221; header_3_font_size=&#8221;25px&#8221; global_colors_info=&#8221;{}&#8221;]<\/p>\n<h2>Iots i lloguers vacacionals<\/h2>\n<p>[\/et_pb_text][\/et_pb_column][et_pb_column type=&#8221;1_5&#8243; _builder_version=&#8221;4.27.4&#8243; _module_preset=&#8221;default&#8221; global_colors_info=&#8221;{}&#8221;][et_pb_image src=&#8221;https:\/\/sarreldellevant.net\/wp-content\/uploads\/2025\/11\/eventos-sarrel-de-llevant.png&#8221; title_text=&#8221;esdeveniments-sarrel-de-llevant&#8221; align=&#8221;center&#8221; _builder_version=&#8221;4.27.4&#8243; _module_preset=&#8221;default&#8221; global_colors_info=&#8221;{}&#8221;][\/et_pb_image][et_pb_text _builder_version=&#8221;4.27.4&#8243; _module_preset=&#8221;default&#8221; header_2_font=&#8221;&#8211;et_global_heading_font||||||||&#8221; header_2_text_align=&#8221;center&#8221; header_2_font_size=&#8221;25px&#8221; header_3_text_align=&#8221;center&#8221; header_3_font_size=&#8221;25px&#8221; global_colors_info=&#8221;{}&#8221;]<\/p>\n<h2>Esdeveniments privats<\/h2>\n<p>[\/et_pb_text][\/et_pb_column][et_pb_column type=&#8221;1_5&#8243; _builder_version=&#8221;4.27.4&#8243; _module_preset=&#8221;default&#8221; global_colors_info=&#8221;{}&#8221;][et_pb_image src=&#8221;https:\/\/sarreldellevant.net\/wp-content\/uploads\/2025\/11\/regalos-personalizados-sarrel-de-llevant.png&#8221; title_text=&#8221;regals-personalitzats-sarrel-de-llevant&#8221; _builder_version=&#8221;4.27.4&#8243; _module_preset=&#8221;default&#8221; global_colors_info=&#8221;{}&#8221;][\/et_pb_image][et_pb_text _builder_version=&#8221;4.27.4&#8243; _module_preset=&#8221;default&#8221; header_2_font=&#8221;&#8211;et_global_heading_font||||||||&#8221; header_2_text_align=&#8221;center&#8221; header_2_font_size=&#8221;25px&#8221; header_3_text_align=&#8221;center&#8221; header_3_font_size=&#8221;25px&#8221; global_colors_info=&#8221;{}&#8221;]<\/p>\n<h2>Regals corporatius<\/h2>\n<p>[\/et_pb_text][\/et_pb_column][\/et_pb_row][et_pb_row _builder_version=&#8221;4.27.4&#8243; _module_preset=&#8221;default&#8221; global_colors_info=&#8221;{}&#8221;][et_pb_column type=&#8221;4_4&#8243; _builder_version=&#8221;4.27.4&#8243; _module_preset=&#8221;default&#8221; global_colors_info=&#8221;{}&#8221;][et_pb_text _builder_version=&#8221;4.27.4&#8243; _module_preset=&#8221;default&#8221; text_font_size=&#8221;18px&#8221; global_colors_info=&#8221;{}&#8221;]<\/p>\n<div class=\"elementor-element elementor-element-0f50a42 e-con-full e-flex e-con e-parent e-lazyloaded\" data-id=\"0f50a42\" data-element_type=\"container\">\n<div class=\"elementor-element elementor-element-0142c03 elementor-widget elementor-widget-text-editor\" data-id=\"0142c03\" data-element_type=\"widget\" data-widget_type=\"text-editor.default\">\n<div class=\"elementor-widget-container\">\n<p data-start=\"948\" data-end=\"1095\">Oferim<span> <\/span><strong data-start=\"958\" data-end=\"1005\">formats personalitzats, embalatges a mida<\/strong><span> <\/span>i etiquetes amb el teu logo o disseny, tot pensat per harmonitzar amb la teva marca o celebraci\u00f3.<\/p>\n<p data-start=\"1102\" data-end=\"1140\"><strong> Vols col\u00b7laborar amb nosaltres?<\/strong><\/p>\n<p data-start=\"1142\" data-end=\"1287\">Estem desitjant con\u00e8ixer el teu projecte.<br data-start=\"1179\" data-end=\"1182\">Sol\u00b7licita informaci\u00f3 sobre preus, formats especials o idees personalitzades:<\/p>\n<\/div>\n<\/div>\n<\/div>\n<p>[\/et_pb_text][et_pb_contact_form email=&#8221;uep@sarreldellevant.net&#8221; custom_message=&#8221;%%Name%%||et_pb_line_break_holder||%%Email%%||et_pb_line_break_holder||%%Message%%&#8221; _builder_version=&#8221;4.27.4&#8243; _module_preset=&#8221;default&#8221; _unique_id=&#8221;511de327-1045-42fb-88af-bc2975f4fc50&#8243; form_field_background_color=&#8221;#FFFFFF&#8221; form_field_text_color=&#8221;#665E5E&#8221; form_field_font=&#8221;&#8211;et_global_body_font||||||||&#8221; form_field_font_size=&#8221;15px&#8221; custom_button=&#8221;on&#8221; button_text_color=&#8221;#FFFFFF&#8221; button_bg_color=&#8221;#C3CFC5&#8243; border_width_all=&#8221;1px&#8221; border_color_all=&#8221;#C3CFC5&#8243; global_colors_info=&#8221;{}&#8221;][et_pb_contact_field field_id=&#8221;Name&#8221; field_title=&#8221;Nom&#8221; _builder_version=&#8221;4.16&#8243; global_colors_info=&#8221;{}&#8221; button_text_size__hover_enabled=&#8221;off&#8221; button_one_text_size__hover_enabled=&#8221;off&#8221; button_two_text_size__hover_enabled=&#8221;off&#8221; button_text_color__hover_enabled=&#8221;off&#8221; button_one_text_color__hover_enabled=&#8221;off&#8221; button_two_text_color__hover_enabled=&#8221;off&#8221; button_border_width__hover_enabled=&#8221;off&#8221; button_one_border_width__hover_enabled=&#8221;off&#8221; button_two_border_width__hover_enabled=&#8221;off&#8221; button_border_color__hover_enabled=&#8221;off&#8221; button_one_border_color__hover_enabled=&#8221;off&#8221; button_two_border_color__hover_enabled=&#8221;off&#8221; button_border_radius__hover_enabled=&#8221;off&#8221; button_one_border_radius__hover_enabled=&#8221;off&#8221; button_two_border_radius__hover_enabled=&#8221;off&#8221; button_letter_spacing__hover_enabled=&#8221;off&#8221; button_one_letter_spacing__hover_enabled=&#8221;off&#8221; button_two_letter_spacing__hover_enabled=&#8221;off&#8221; button_bg_color__hover_enabled=&#8221;off&#8221; button_one_bg_color__hover_enabled=&#8221;off&#8221; button_two_bg_color__hover_enabled=&#8221;off&#8221;][\/et_pb_contact_field][et_pb_contact_field field_id=&#8221;Email&#8221; field_title=&#8221;Adre\u00e7a de correu electr\u00f2nic&#8221; field_type=&#8221;email&#8221; _builder_version=&#8221;4.16&#8243; global_colors_info=&#8221;{}&#8221; button_text_size__hover_enabled=&#8221;off&#8221; button_one_text_size__hover_enabled=&#8221;off&#8221; button_two_text_size__hover_enabled=&#8221;off&#8221; button_text_color__hover_enabled=&#8221;off&#8221; button_one_text_color__hover_enabled=&#8221;off&#8221; button_two_text_color__hover_enabled=&#8221;off&#8221; button_border_width__hover_enabled=&#8221;off&#8221; button_one_border_width__hover_enabled=&#8221;off&#8221; button_two_border_width__hover_enabled=&#8221;off&#8221; button_border_color__hover_enabled=&#8221;off&#8221; button_one_border_color__hover_enabled=&#8221;off&#8221; button_two_border_color__hover_enabled=&#8221;off&#8221; button_border_radius__hover_enabled=&#8221;off&#8221; button_one_border_radius__hover_enabled=&#8221;off&#8221; button_two_border_radius__hover_enabled=&#8221;off&#8221; button_letter_spacing__hover_enabled=&#8221;off&#8221; button_one_letter_spacing__hover_enabled=&#8221;off&#8221; button_two_letter_spacing__hover_enabled=&#8221;off&#8221; button_bg_color__hover_enabled=&#8221;off&#8221; button_one_bg_color__hover_enabled=&#8221;off&#8221; button_two_bg_color__hover_enabled=&#8221;off&#8221;][\/et_pb_contact_field][et_pb_contact_field field_id=&#8221;Message&#8221; field_title=&#8221;Missatge&#8221; field_type=&#8221;text&#8221; fullwidth_field=&#8221;on&#8221; _builder_version=&#8221;4.16&#8243; global_colors_info=&#8221;{}&#8221; button_text_size__hover_enabled=&#8221;off&#8221; button_one_text_size__hover_enabled=&#8221;off&#8221; button_two_text_size__hover_enabled=&#8221;off&#8221; button_text_color__hover_enabled=&#8221;off&#8221; button_one_text_color__hover_enabled=&#8221;off&#8221; button_two_text_color__hover_enabled=&#8221;off&#8221; button_border_width__hover_enabled=&#8221;off&#8221; button_one_border_width__hover_enabled=&#8221;off&#8221; button_two_border_width__hover_enabled=&#8221;off&#8221; button_border_color__hover_enabled=&#8221;off&#8221; button_one_border_color__hover_enabled=&#8221;off&#8221; button_two_border_color__hover_enabled=&#8221;off&#8221; button_border_radius__hover_enabled=&#8221;off&#8221; button_one_border_radius__hover_enabled=&#8221;off&#8221; button_two_border_radius__hover_enabled=&#8221;off&#8221; button_letter_spacing__hover_enabled=&#8221;off&#8221; button_one_letter_spacing__hover_enabled=&#8221;off&#8221; button_two_letter_spacing__hover_enabled=&#8221;off&#8221; button_bg_color__hover_enabled=&#8221;off&#8221; button_one_bg_color__hover_enabled=&#8221;off&#8221; button_two_bg_color__hover_enabled=&#8221;off&#8221;][\/et_pb_contact_field][\/et_pb_contact_form][\/et_pb_column][\/et_pb_row][\/et_pb_section]<\/p>\n","protected":false},"excerpt":{"rendered":"<p>Cosm\u00e8tica natural per a empreses i esdevenimentsEts un hotel boutique, un B&amp;B amb encant, gestiones un iot exclusiu o est\u00e0s organitzant un esdeveniment inoblidable? Creem cosm\u00e8tica natural artesanal adaptada al teu projecte: amenities sostenibles, regals \u00fanics i sets de cura que enamoren des del primer gest. Sabons fets a m\u00e0, xamp\u00fas s\u00f2lids, b\u00e0lsams i sets [&hellip;]<\/p>\n","protected":false},"author":1,"featured_media":0,"parent":0,"menu_order":0,"comment_status":"closed","ping_status":"closed","template":"","meta":{"_et_pb_use_builder":"on","_et_pb_old_content":"","_et_gb_content_width":"","om_disable_all_campaigns":false,"_monsterinsights_skip_tracking":false,"_monsterinsights_sitenote_active":false,"_monsterinsights_sitenote_note":"","_monsterinsights_sitenote_category":0,"_uf_show_specific_survey":0,"_uf_disable_surveys":false,"footnotes":""},"class_list":["post-1036","page","type-page","status-publish","hentry"],"aioseo_notices":[],"jetpack_sharing_enabled":true,"_links":{"self":[{"href":"https:\/\/sarreldellevant.net\/ca\/wp-json\/wp\/v2\/pages\/1036","targetHints":{"allow":["GET"]}}],"collection":[{"href":"https:\/\/sarreldellevant.net\/ca\/wp-json\/wp\/v2\/pages"}],"about":[{"href":"https:\/\/sarreldellevant.net\/ca\/wp-json\/wp\/v2\/types\/page"}],"author":[{"embeddable":true,"href":"https:\/\/sarreldellevant.net\/ca\/wp-json\/wp\/v2\/users\/1"}],"replies":[{"embeddable":true,"href":"https:\/\/sarreldellevant.net\/ca\/wp-json\/wp\/v2\/comments?post=1036"}],"version-history":[{"count":2,"href":"https:\/\/sarreldellevant.net\/ca\/wp-json\/wp\/v2\/pages\/1036\/revisions"}],"predecessor-version":[{"id":1038,"href":"https:\/\/sarreldellevant.net\/ca\/wp-json\/wp\/v2\/pages\/1036\/revisions\/1038"}],"wp:attachment":[{"href":"https:\/\/sarreldellevant.net\/ca\/wp-json\/wp\/v2\/media?parent=1036"}],"curies":[{"name":"wp","href":"https:\/\/api.w.org\/{rel}","templated":true}]}}