{"id":1049,"date":"2025-08-22T16:26:49","date_gmt":"2025-08-22T15:26:49","guid":{"rendered":"https:\/\/sarreldellevant.net\/inici\/"},"modified":"2026-03-13T18:31:52","modified_gmt":"2026-03-13T17:31:52","slug":"inici","status":"publish","type":"page","link":"https:\/\/sarreldellevant.net\/ca\/","title":{"rendered":"Inici"},"content":{"rendered":"<p>[et_pb_section fb_built=&#8221;1&#8243; disabled_on=&#8221;on|on|on&#8221; _builder_version=&#8221;4.27.5&#8243; _module_preset=&#8221;default&#8221; background_color=&#8221;#C3CFC5&#8243; custom_padding=&#8221;0px||0px||true|&#8221; disabled=&#8221;on&#8221; global_colors_info=&#8221;{}&#8221;][et_pb_row _builder_version=&#8221;4.27.4&#8243; _module_preset=&#8221;default&#8221; global_colors_info=&#8221;{}&#8221;][et_pb_column type=&#8221;4_4&#8243; _builder_version=&#8221;4.27.4&#8243; _module_preset=&#8221;default&#8221; global_colors_info=&#8221;{}&#8221;][et_pb_text _builder_version=&#8221;4.27.5&#8243; _module_preset=&#8221;default&#8221; text_font=&#8221;&#8211;et_global_body_font||||||||&#8221; text_text_color=&#8221;#FFFFFF&#8221; text_font_size=&#8221;20px&#8221; text_font_size_tablet=&#8221;20px&#8221; text_font_size_phone=&#8221;15px&#8221; text_font_size_last_edited=&#8221;on|phone&#8221; global_colors_info=&#8221;{}&#8221;]<\/p>\n<p style=\"text-align: center;\">Enviament gratu\u00eft a Mallorca a partir de 50\u20ac \u00b7 Enviament gratu\u00eft a la pen\u00ednsula i Balears a partir de 70\u20ac<\/p>\n<p>[\/et_pb_text][\/et_pb_column][\/et_pb_row][\/et_pb_section][et_pb_section fb_built=&#8221;1&#8243; fullwidth=&#8221;on&#8221; _builder_version=&#8221;4.27.5&#8243; _module_preset=&#8221;default&#8221; custom_margin=&#8221;|120px||120px|false|true&#8221; global_colors_info=&#8221;{}&#8221;][et_pb_fullwidth_slider _builder_version=&#8221;4.27.5&#8243; _module_preset=&#8221;default&#8221; body_line_height=&#8221;0em&#8221; button_alignment=&#8221;center&#8221; custom_margin=&#8221;|-134px||-128px||&#8221; custom_margin_tablet=&#8221;|-134px||-128px||&#8221; custom_margin_phone=&#8221;|||-128px|false|false&#8221; custom_margin_last_edited=&#8221;on|phone&#8221; custom_padding=&#8221;147px||147px||true|false&#8221; global_colors_info=&#8221;{}&#8221;][et_pb_slide button_text=&#8221;Descobreix els nostres productes&#8221; button_link=&#8221;https:\/\/sarreldellevant.net\/ca\/producto\/sabo-de-pell-sensible\/&#8221; content_tablet=&#8221;<\/p>\n<p>Sabons naturals<\/p>\n<p>pell sensible<\/p>\n<p>&#8221; content_phone=&#8221;<\/p>\n<p>Sabons naturals per a pells sensibles<\/p>\n<p>&#8221; content_last_edited=&#8221;on|phone&#8221; _builder_version=&#8221;4.27.5&#8243; _module_preset=&#8221;default&#8221; header_level=&#8221;h2&#8243; header_text_align=&#8221;center&#8221; header_font_size=&#8221;78px&#8221; body_font=&#8221;&#8211;et_global_heading_font||||||||&#8221; body_text_align=&#8221;center&#8221; body_font_size=&#8221;78px&#8221; body_line_height=&#8221;0.1em&#8221; use_background_color_gradient=&#8221;on&#8221; background_color_gradient_stops=&#8221;rgba(221,209,192,0.23) 0%|rgba(221,209,192,0.2) 98%&#8221; background_image=&#8221;https:\/\/sarreldellevant.net\/wp-content\/uploads\/2025\/11\/9126734e-9df2-4d04-9b22-36010568fc41-1-scaled.jpg&#8221; background_enable_image=&#8221;on&#8221; background_blend=&#8221;soft-light&#8221; custom_button=&#8221;on&#8221; button_text_size=&#8221;24px&#8221; button_text_color=&#8221;#FFFFFF&#8221; button_bg_color=&#8221;#97A399&#8243; button_border_color=&#8221;#97A399&#8243; button_border_radius=&#8221;7px&#8221; button_font=&#8221;&#8211;et_global_body_font||||||||&#8221; button_use_icon=&#8221;on&#8221; button_icon=&#8221;&#x35;||divi||400&#8243; button_icon_color=&#8221;#FFFFFF&#8221; button_alignment=&#8221;center&#8221; button_custom_margin=&#8221;65px||||false|false&#8221; text_orientation=&#8221;center&#8221; body_font_size_tablet=&#8221;78px&#8221; body_font_size_phone=&#8221;58px&#8221; body_font_size_last_edited=&#8221;on|phone&#8221; body_line_height_tablet=&#8221;0.1em&#8221; body_line_height_phone=&#8221;0.8em&#8221; body_line_height_last_edited=&#8221;on|phone&#8221; button_text_size_tablet=&#8221;24px&#8221; button_text_size_phone=&#8221;18px&#8221; button_text_size_last_edited=&#8221;on|phone&#8221; global_colors_info=&#8221;{}&#8221; sticky_transition=&#8221;on&#8221;]<\/p>\n<p>Sabons naturals<\/p>\n<p>pell sensible<\/p>\n<p>[\/et_pb_slide][et_pb_slide button_text=&#8221;Descobreix els nostres productes&#8221; button_link=&#8221;https:\/\/sarreldellevant.net\/ca\/botiga\/&#8221; content_tablet=&#8221;<\/p>\n<p>Sabons naturals<\/p>\n<p>pell sensible<\/p>\n<p>&#8221; content_phone=&#8221;<\/p>\n<p>Sabons naturals per a pells sensibles<\/p>\n<p>&#8221; content_last_edited=&#8221;on|phone&#8221; _builder_version=&#8221;4.27.5&#8243; _module_preset=&#8221;default&#8221; header_level=&#8221;h2&#8243; header_text_align=&#8221;center&#8221; header_font_size=&#8221;78px&#8221; body_font=&#8221;&#8211;et_global_heading_font||||||||&#8221; body_text_align=&#8221;center&#8221; body_font_size=&#8221;78px&#8221; body_line_height=&#8221;0.1em&#8221; use_background_color_gradient=&#8221;on&#8221; background_color_gradient_stops=&#8221;rgba(221,209,192,0.23) 0%|rgba(221,209,192,0.2) 98%&#8221; background_image=&#8221;https:\/\/sarreldellevant.net\/wp-content\/uploads\/2025\/11\/IMG_4199-scaled.jpg&#8221; background_enable_image=&#8221;on&#8221; background_blend=&#8221;soft-light&#8221; custom_button=&#8221;on&#8221; button_text_size=&#8221;24px&#8221; button_text_color=&#8221;#FFFFFF&#8221; button_bg_color=&#8221;#97A399&#8243; button_border_color=&#8221;#97A399&#8243; button_border_radius=&#8221;7px&#8221; button_font=&#8221;&#8211;et_global_body_font||||||||&#8221; button_use_icon=&#8221;on&#8221; button_icon=&#8221;&#x35;||divi||400&#8243; button_icon_color=&#8221;#FFFFFF&#8221; button_alignment=&#8221;center&#8221; button_custom_margin=&#8221;65px||||false|false&#8221; text_orientation=&#8221;center&#8221; body_font_size_tablet=&#8221;78px&#8221; body_font_size_phone=&#8221;58px&#8221; body_font_size_last_edited=&#8221;on|phone&#8221; body_line_height_tablet=&#8221;0.1em&#8221; body_line_height_phone=&#8221;0.8em&#8221; body_line_height_last_edited=&#8221;on|phone&#8221; button_text_size_tablet=&#8221;24px&#8221; button_text_size_phone=&#8221;18px&#8221; button_text_size_last_edited=&#8221;on|phone&#8221; global_colors_info=&#8221;{}&#8221; sticky_transition=&#8221;on&#8221;]<\/p>\n<p>Cosm\u00e8tica natural artesanal<\/p>\n<p>[\/et_pb_slide][et_pb_slide button_text=&#8221;Descobreix els nostres productes&#8221; button_link=&#8221;https:\/\/sarreldellevant.net\/ca\/botiga\/&#8221; content_tablet=&#8221;<\/p>\n<p>Sabons naturals<\/p>\n<p>pell sensible<\/p>\n<p>&#8221; content_phone=&#8221;<\/p>\n<p>Sabons naturals per a pells sensibles<\/p>\n<p>&#8221; content_last_edited=&#8221;on|phone&#8221; _builder_version=&#8221;4.27.4&#8243; _module_preset=&#8221;default&#8221; header_level=&#8221;h2&#8243; header_text_align=&#8221;center&#8221; header_font_size=&#8221;78px&#8221; body_font=&#8221;&#8211;et_global_heading_font||||||||&#8221; body_text_align=&#8221;center&#8221; body_font_size=&#8221;78px&#8221; body_line_height=&#8221;0.1em&#8221; use_background_color_gradient=&#8221;on&#8221; background_color_gradient_stops=&#8221;rgba(221,209,192,0.23) 0%|rgba(221,209,192,0.2) 98%&#8221; background_image=&#8221;https:\/\/sarreldellevant.net\/wp-content\/uploads\/2025\/11\/1c68ddf9-a1ee-40f5-8639-3f67638bb7f1-scaled.jpg&#8221; background_enable_image=&#8221;on&#8221; background_blend=&#8221;soft-light&#8221; custom_button=&#8221;on&#8221; button_text_size=&#8221;24px&#8221; button_text_color=&#8221;#FFFFFF&#8221; button_bg_color=&#8221;#97A399&#8243; button_border_color=&#8221;#97A399&#8243; button_border_radius=&#8221;7px&#8221; button_font=&#8221;&#8211;et_global_body_font||||||||&#8221; button_use_icon=&#8221;on&#8221; button_icon=&#8221;&#x35;||divi||400&#8243; button_icon_color=&#8221;#FFFFFF&#8221; button_alignment=&#8221;center&#8221; button_custom_margin=&#8221;65px||||false|false&#8221; text_orientation=&#8221;center&#8221; body_font_size_tablet=&#8221;78px&#8221; body_font_size_phone=&#8221;58px&#8221; body_font_size_last_edited=&#8221;on|phone&#8221; body_line_height_tablet=&#8221;0.1em&#8221; body_line_height_phone=&#8221;0.8em&#8221; body_line_height_last_edited=&#8221;on|phone&#8221; button_text_size_tablet=&#8221;24px&#8221; button_text_size_phone=&#8221;18px&#8221; button_text_size_last_edited=&#8221;on|phone&#8221; global_colors_info=&#8221;{}&#8221; sticky_transition=&#8221;on&#8221;]<\/p>\n<p>Amor en cada detall<\/p>\n<p>[\/et_pb_slide][\/et_pb_fullwidth_slider][\/et_pb_section][et_pb_section fb_built=&#8221;1&#8243; _builder_version=&#8221;4.27.4&#8243; _module_preset=&#8221;default&#8221; custom_padding=&#8221;||5px|||&#8221; global_colors_info=&#8221;{}&#8221;][et_pb_row _builder_version=&#8221;4.27.4&#8243; _module_preset=&#8221;default&#8221; global_colors_info=&#8221;{}&#8221;][et_pb_column type=&#8221;4_4&#8243; _builder_version=&#8221;4.27.4&#8243; _module_preset=&#8221;default&#8221; global_colors_info=&#8221;{}&#8221;][et_pb_text _builder_version=&#8221;4.27.4&#8243; _module_preset=&#8221;default&#8221; text_font=&#8221;&#8211;et_global_body_font||||||||&#8221; text_font_size=&#8221;18px&#8221; header_text_align=&#8221;center&#8221; text_orientation=&#8221;center&#8221; header_font_size_tablet=&#8221;&#8221; header_font_size_phone=&#8221;40px&#8221; header_font_size_last_edited=&#8221;on|phone&#8221; global_colors_info=&#8221;{}&#8221;]<\/p>\n<h1>Cosm\u00e8tica Natural de Mallorca<\/h1>\n<p>Som una jove empresa familiar compromesa amb el medi ambient i la salut dels nostres clients. Utilitzem ingredients naturals i sostenibles, seleccionats amb cura i amor, per crear productes altament efectius, respectuosos amb el cos i l&#8217;entorn. <\/p>\n<p>[\/et_pb_text][et_pb_button button_url=&#8221;https:\/\/sarreldellevant.net\/#nosotros&#8221; button_text=&#8221;Vols con\u00e8ixer-nos?&#8221; button_alignment=&#8221;center&#8221; _builder_version=&#8221;4.27.4&#8243; _module_preset=&#8221;default&#8221; custom_button=&#8221;on&#8221; button_text_color=&#8221;#FFFFFF&#8221; button_bg_color=&#8221;#C3CFC5&#8243; button_border_color=&#8221;#C3CFC5&#8243; button_icon_color=&#8221;#FFFFFF&#8221; global_colors_info=&#8221;{}&#8221;][\/et_pb_button][\/et_pb_column][\/et_pb_row][et_pb_row _builder_version=&#8221;4.27.4&#8243; _module_preset=&#8221;default&#8221; global_colors_info=&#8221;{}&#8221;][et_pb_column type=&#8221;4_4&#8243; _builder_version=&#8221;4.27.4&#8243; _module_preset=&#8221;default&#8221; global_colors_info=&#8221;{}&#8221;][et_pb_shop posts_number=&#8221;3&#8243; columns_number=&#8221;3&#8243; orderby=&#8221;popularity&#8221; show_rating=&#8221;off&#8221; _builder_version=&#8221;4.27.5&#8243; _module_preset=&#8221;default&#8221; title_text_color=&#8221;#665E5E&#8221; title_font_size=&#8221;20px&#8221; price_font=&#8221;&#8211;et_global_body_font||||||||&#8221; price_text_color=&#8221;#97A399&#8243; price_font_size=&#8221;18px&#8221; custom_margin=&#8221;||0px|||&#8221; global_colors_info=&#8221;{}&#8221;][\/et_pb_shop][et_pb_button button_url=&#8221;https:\/\/sarreldellevant.net\/ca\/botiga\/&#8221; button_text=&#8221;Veure m\u00e9s productes&#8221; button_alignment=&#8221;center&#8221; _builder_version=&#8221;4.27.4&#8243; _module_preset=&#8221;default&#8221; custom_button=&#8221;on&#8221; button_text_color=&#8221;#FFFFFF&#8221; button_bg_color=&#8221;#C3CFC5&#8243; button_border_color=&#8221;#C3CFC5&#8243; button_icon_color=&#8221;#FFFFFF&#8221; global_colors_info=&#8221;{}&#8221;][\/et_pb_button][\/et_pb_column][\/et_pb_row][\/et_pb_section][et_pb_section fb_built=&#8221;1&#8243; _builder_version=&#8221;4.27.4&#8243; _module_preset=&#8221;default&#8221; custom_padding=&#8221;0px||11px|||&#8221; global_colors_info=&#8221;{}&#8221;][et_pb_row _builder_version=&#8221;4.27.4&#8243; _module_preset=&#8221;default&#8221; global_colors_info=&#8221;{}&#8221;][et_pb_column type=&#8221;4_4&#8243; _builder_version=&#8221;4.27.4&#8243; _module_preset=&#8221;default&#8221; global_colors_info=&#8221;{}&#8221;][et_pb_text _builder_version=&#8221;4.27.4&#8243; _module_preset=&#8221;default&#8221; header_2_text_align=&#8221;center&#8221; custom_margin=&#8221;||-9px|||&#8221; global_colors_info=&#8221;{}&#8221;]<\/p>\n<h2>Els nostres productes<\/h2>\n<p>[\/et_pb_text][\/et_pb_column][\/et_pb_row][et_pb_row column_structure=&#8221;1_3,1_3,1_3&#8243; _builder_version=&#8221;4.27.4&#8243; _module_preset=&#8221;default&#8221; global_colors_info=&#8221;{}&#8221;][et_pb_column type=&#8221;1_3&#8243; _builder_version=&#8221;4.27.4&#8243; _module_preset=&#8221;default&#8221; global_colors_info=&#8221;{}&#8221;][et_pb_image src=&#8221;https:\/\/sarreldellevant.net\/wp-content\/uploads\/2025\/10\/hand-made-1.png&#8221; title_text=&#8221;hand-made&#8221; align=&#8221;center&#8221; _builder_version=&#8221;4.27.4&#8243; _module_preset=&#8221;default&#8221; width=&#8221;100%&#8221; min_height=&#8221;100px&#8221; global_colors_info=&#8221;{}&#8221;][\/et_pb_image][et_pb_text _builder_version=&#8221;4.27.4&#8243; _module_preset=&#8221;default&#8221; header_2_font=&#8221;&#8211;et_global_heading_font||||||||&#8221; header_2_text_align=&#8221;center&#8221; header_3_text_align=&#8221;center&#8221; header_3_text_color=&#8221;#665E5E&#8221; header_3_font_size=&#8221;25px&#8221; global_colors_info=&#8221;{}&#8221;]<\/p>\n<h3>Fet a m\u00e0 amb amor<\/h3>\n<p style=\"text-align: center;\">Cada producte est\u00e0 elaborat a m\u00e0 amb cura i atenci\u00f3. Creiem que la bellesa del treball artesanal rau en l&#8217;amor i la calma. <\/p>\n<p>[\/et_pb_text][\/et_pb_column][et_pb_column type=&#8221;1_3&#8243; _builder_version=&#8221;4.27.4&#8243; _module_preset=&#8221;default&#8221; global_colors_info=&#8221;{}&#8221;][et_pb_image src=&#8221;https:\/\/sarreldellevant.net\/wp-content\/uploads\/2025\/10\/ingredients-naturals.png&#8221; title_text=&#8221;ingredients-naturals&#8221; align=&#8221;center&#8221; _builder_version=&#8221;4.27.4&#8243; _module_preset=&#8221;default&#8221; global_colors_info=&#8221;{}&#8221;][\/et_pb_image][et_pb_text _builder_version=&#8221;4.27.4&#8243; _module_preset=&#8221;default&#8221; header_2_font=&#8221;&#8211;et_global_heading_font||||||||&#8221; header_2_text_align=&#8221;center&#8221; header_3_font=&#8221;||||||||&#8221; header_3_text_align=&#8221;center&#8221; header_3_font_size=&#8221;25px&#8221; global_colors_info=&#8221;{}&#8221;]<\/p>\n<h3>Ingredients naturals<\/h3>\n<p style=\"text-align: center;\">Sense conservants sint\u00e8tics ni frag\u00e0ncies artificials. Directament de la natura, com ha de ser. <\/p>\n<p>[\/et_pb_text][\/et_pb_column][et_pb_column type=&#8221;1_3&#8243; _builder_version=&#8221;4.27.4&#8243; _module_preset=&#8221;default&#8221; global_colors_info=&#8221;{}&#8221;][et_pb_image src=&#8221;https:\/\/sarreldellevant.net\/wp-content\/uploads\/2025\/10\/productes-artesanals.png&#8221; title_text=&#8221;productes-artesanals&#8221; align=&#8221;center&#8221; _builder_version=&#8221;4.27.4&#8243; _module_preset=&#8221;default&#8221; global_colors_info=&#8221;{}&#8221;][\/et_pb_image][et_pb_text _builder_version=&#8221;4.27.4&#8243; _module_preset=&#8221;default&#8221; header_2_font=&#8221;&#8211;et_global_heading_font||||||||&#8221; header_2_text_align=&#8221;center&#8221; header_3_text_align=&#8221;center&#8221; header_3_font_size=&#8221;25px&#8221; global_colors_info=&#8221;{}&#8221;]<\/p>\n<h3>Elaboraci\u00f3 en fred<\/h3>\n<p style=\"text-align: center;\">Productes elaborats mitjan\u00e7ant el m\u00e8tode de proc\u00e9s en fred, que preserva les propietats nutritives dels olis i extractes.<\/p>\n<p>[\/et_pb_text][\/et_pb_column][\/et_pb_row][\/et_pb_section][et_pb_section fb_built=&#8221;1&#8243; _builder_version=&#8221;4.27.4&#8243; _module_preset=&#8221;default&#8221; global_colors_info=&#8221;{}&#8221;][et_pb_row _builder_version=&#8221;4.27.4&#8243; _module_preset=&#8221;default&#8221; global_colors_info=&#8221;{}&#8221;][et_pb_column type=&#8221;4_4&#8243; _builder_version=&#8221;4.27.4&#8243; _module_preset=&#8221;default&#8221; global_colors_info=&#8221;{}&#8221;][et_pb_text _builder_version=&#8221;4.27.5&#8243; _module_preset=&#8221;default&#8221; header_2_text_align=&#8221;center&#8221; custom_margin=&#8221;||-9px|||&#8221; global_colors_info=&#8221;{}&#8221;]<\/p>\n<h2>Col\u00b7leccions<\/h2>\n<p>[\/et_pb_text][\/et_pb_column][\/et_pb_row][et_pb_row column_structure=&#8221;1_3,1_3,1_3&#8243; _builder_version=&#8221;4.27.4&#8243; _module_preset=&#8221;default&#8221; global_colors_info=&#8221;{}&#8221;][et_pb_column type=&#8221;1_3&#8243; _builder_version=&#8221;4.27.4&#8243; _module_preset=&#8221;default&#8221; background_color=&#8221;#FFFFFF&#8221; border_width_all=&#8221;16px&#8221; border_color_all=&#8221;#FFFFFF&#8221; global_colors_info=&#8221;{}&#8221;][et_pb_image src=&#8221;https:\/\/sarreldellevant.net\/wp-content\/uploads\/2025\/09\/capilar.png&#8221; title_text=&#8221;shampoo-natural-capilar&#8221; module_class=&#8221;img-top&#8221; _builder_version=&#8221;4.27.4&#8243; _module_preset=&#8221;default&#8221; global_colors_info=&#8221;{}&#8221;][\/et_pb_image][et_pb_text _builder_version=&#8221;4.27.4&#8243; _module_preset=&#8221;default&#8221; header_3_text_align=&#8221;center&#8221; header_3_font_size=&#8221;40px&#8221; custom_margin=&#8221;||49px|||&#8221; global_colors_info=&#8221;{}&#8221;]<\/p>\n<h3 style=\"text-align: center;\">Capil\u00b7lar<\/h3>\n<p>[\/et_pb_text][et_pb_button button_url=&#8221;\/?product_cat=cura-capil\u00b7lar&#8221; button_text=&#8221;Comprar productes&#8221; button_alignment=&#8221;center&#8221; _builder_version=&#8221;4.27.4&#8243; _module_preset=&#8221;default&#8221; custom_button=&#8221;on&#8221; button_text_color=&#8221;#FFFFFF&#8221; button_bg_color=&#8221;#C3CFC5&#8243; button_border_color=&#8221;#C3CFC5&#8243; button_icon_color=&#8221;#FFFFFF&#8221; global_colors_info=&#8221;{}&#8221;][\/et_pb_button][\/et_pb_column][et_pb_column type=&#8221;1_3&#8243; _builder_version=&#8221;4.27.4&#8243; _module_preset=&#8221;default&#8221; global_colors_info=&#8221;{}&#8221;][et_pb_image src=&#8221;https:\/\/sarreldellevant.net\/wp-content\/uploads\/2025\/09\/corporal.png&#8221; title_text=&#8221;jab\u00f3n-corporal-natural&#8221; module_class=&#8221;img-top&#8221; _builder_version=&#8221;4.27.4&#8243; _module_preset=&#8221;default&#8221; global_colors_info=&#8221;{}&#8221;][\/et_pb_image][et_pb_text _builder_version=&#8221;4.27.4&#8243; _module_preset=&#8221;default&#8221; header_3_text_align=&#8221;center&#8221; header_3_font_size=&#8221;40px&#8221; global_colors_info=&#8221;{}&#8221;]<\/p>\n<h3>Corporal<\/h3>\n<p>[\/et_pb_text][et_pb_button button_url=&#8221;https:\/\/sarreldellevant.net\/ca\/categoria-producto\/cura-corporal\/&#8221; button_text=&#8221;Comprar productes&#8221; button_alignment=&#8221;center&#8221; _builder_version=&#8221;4.27.4&#8243; _module_preset=&#8221;default&#8221; custom_button=&#8221;on&#8221; button_text_color=&#8221;#FFFFFF&#8221; button_bg_color=&#8221;#C3CFC5&#8243; button_border_color=&#8221;#C3CFC5&#8243; button_icon_color=&#8221;#FFFFFF&#8221; global_colors_info=&#8221;{}&#8221;][\/et_pb_button][\/et_pb_column][et_pb_column type=&#8221;1_3&#8243; _builder_version=&#8221;4.27.4&#8243; _module_preset=&#8221;default&#8221; global_colors_info=&#8221;{}&#8221;][et_pb_image src=&#8221;https:\/\/sarreldellevant.net\/wp-content\/uploads\/2025\/09\/facial.png&#8221; title_text=&#8221;cosmetica-facial-natural&#8221; module_class=&#8221;img-top&#8221; _builder_version=&#8221;4.27.4&#8243; _module_preset=&#8221;default&#8221; global_colors_info=&#8221;{}&#8221;][\/et_pb_image][et_pb_text _builder_version=&#8221;4.27.4&#8243; _module_preset=&#8221;default&#8221; text_font_size=&#8221;18px&#8221; header_3_text_align=&#8221;center&#8221; header_3_font_size=&#8221;40px&#8221; text_orientation=&#8221;center&#8221; global_colors_info=&#8221;{}&#8221;]<\/p>\n<h3>Facial<\/h3>\n<p>[\/et_pb_text][et_pb_button button_url=&#8221;https:\/\/sarreldellevant.net\/categoria-producto\/cuidado-facial\/&#8221; button_text=&#8221;Comprar productes&#8221; button_alignment=&#8221;center&#8221; _builder_version=&#8221;4.27.4&#8243; _module_preset=&#8221;default&#8221; custom_button=&#8221;on&#8221; button_text_color=&#8221;#FFFFFF&#8221; button_bg_color=&#8221;#C3CFC5&#8243; button_border_color=&#8221;#C3CFC5&#8243; button_icon_color=&#8221;#FFFFFF&#8221; global_colors_info=&#8221;{}&#8221;][\/et_pb_button][\/et_pb_column][\/et_pb_row][et_pb_row column_structure=&#8221;1_3,1_3,1_3&#8243; _builder_version=&#8221;4.27.4&#8243; _module_preset=&#8221;default&#8221; global_colors_info=&#8221;{}&#8221;][et_pb_column type=&#8221;1_3&#8243; _builder_version=&#8221;4.27.4&#8243; _module_preset=&#8221;default&#8221; global_colors_info=&#8221;{}&#8221;][et_pb_image src=&#8221;https:\/\/sarreldellevant.net\/wp-content\/uploads\/2025\/09\/accesoris.png&#8221; title_text=&#8221;accesoris&#8221; module_class=&#8221;img-top&#8221; _builder_version=&#8221;4.27.4&#8243; _module_preset=&#8221;default&#8221; global_colors_info=&#8221;{}&#8221;][\/et_pb_image][et_pb_text _builder_version=&#8221;4.27.4&#8243; _module_preset=&#8221;default&#8221; header_3_text_align=&#8221;center&#8221; header_3_font_size=&#8221;40px&#8221; global_colors_info=&#8221;{}&#8221;]<\/p>\n<h3 style=\"text-align: center;\">Accessoris<\/h3>\n<p>[\/et_pb_text][et_pb_button button_url=&#8221;https:\/\/sarreldellevant.net\/ca\/categoria-producto\/accessoris\/&#8221; button_text=&#8221;Comprar productes&#8221; button_alignment=&#8221;center&#8221; _builder_version=&#8221;4.27.4&#8243; _module_preset=&#8221;default&#8221; custom_button=&#8221;on&#8221; button_text_color=&#8221;#FFFFFF&#8221; button_bg_color=&#8221;#C3CFC5&#8243; button_border_color=&#8221;#C3CFC5&#8243; button_icon_color=&#8221;#FFFFFF&#8221; global_colors_info=&#8221;{}&#8221;][\/et_pb_button][\/et_pb_column][et_pb_column type=&#8221;1_3&#8243; _builder_version=&#8221;4.27.4&#8243; _module_preset=&#8221;default&#8221; global_colors_info=&#8221;{}&#8221;][et_pb_image src=&#8221;https:\/\/sarreldellevant.net\/wp-content\/uploads\/2025\/08\/Photoroom_20250401_214235.jpeg&#8221; title_text=&#8221;sarrel-de-llevant-sabo-natural&#8221; admin_label=&#8221;Imagen&#8221; module_class=&#8221;img-top&#8221; _builder_version=&#8221;4.27.4&#8243; _module_preset=&#8221;default&#8221; global_colors_info=&#8221;{}&#8221;][\/et_pb_image][et_pb_text _builder_version=&#8221;4.27.4&#8243; _module_preset=&#8221;default&#8221; header_3_text_align=&#8221;center&#8221; header_3_font_size=&#8221;40px&#8221; global_colors_info=&#8221;{}&#8221;]<\/p>\n<h3>Tallers<\/h3>\n<p>[\/et_pb_text][et_pb_button button_url=&#8221;https:\/\/sarreldellevant.net\/categoria-producto\/talleres\/&#8221; button_text=&#8221;Comprar productes&#8221; button_alignment=&#8221;center&#8221; _builder_version=&#8221;4.27.4&#8243; _module_preset=&#8221;default&#8221; custom_button=&#8221;on&#8221; button_text_color=&#8221;#FFFFFF&#8221; button_bg_color=&#8221;#C3CFC5&#8243; button_border_color=&#8221;#C3CFC5&#8243; button_icon_color=&#8221;#FFFFFF&#8221; global_colors_info=&#8221;{}&#8221;][\/et_pb_button][\/et_pb_column][et_pb_column type=&#8221;1_3&#8243; _builder_version=&#8221;4.27.4&#8243; _module_preset=&#8221;default&#8221; global_colors_info=&#8221;{}&#8221;][et_pb_image src=&#8221;https:\/\/sarreldellevant.net\/wp-content\/uploads\/2025\/09\/aromaterapia.png&#8221; title_text=&#8221;aromaterapia&#8221; module_class=&#8221;img-top&#8221; _builder_version=&#8221;4.27.4&#8243; _module_preset=&#8221;default&#8221; global_colors_info=&#8221;{}&#8221;][\/et_pb_image][et_pb_text _builder_version=&#8221;4.27.4&#8243; _module_preset=&#8221;default&#8221; text_font_size=&#8221;18px&#8221; header_3_text_align=&#8221;center&#8221; header_3_font_size=&#8221;40px&#8221; text_orientation=&#8221;center&#8221; global_colors_info=&#8221;{}&#8221;]<\/p>\n<h3>Aromater\u00e0pia<\/h3>\n<p>[\/et_pb_text][et_pb_button button_url=&#8221;https:\/\/sarreldellevant.net\/categoria-producto\/aceites-esenciales-y-aromaterapia\/&#8221; button_text=&#8221;Comprar productes&#8221; button_alignment=&#8221;center&#8221; _builder_version=&#8221;4.27.4&#8243; _module_preset=&#8221;default&#8221; custom_button=&#8221;on&#8221; button_text_color=&#8221;#FFFFFF&#8221; button_bg_color=&#8221;#C3CFC5&#8243; button_border_color=&#8221;#C3CFC5&#8243; button_icon_color=&#8221;#FFFFFF&#8221; global_colors_info=&#8221;{}&#8221;][\/et_pb_button][\/et_pb_column][\/et_pb_row][\/et_pb_section][et_pb_section fb_built=&#8221;1&#8243; _builder_version=&#8221;4.27.4&#8243; _module_preset=&#8221;default&#8221; custom_padding=&#8221;6px|||||&#8221; global_colors_info=&#8221;{}&#8221;][et_pb_row _builder_version=&#8221;4.27.4&#8243; _module_preset=&#8221;default&#8221; global_colors_info=&#8221;{}&#8221;][et_pb_column type=&#8221;4_4&#8243; _builder_version=&#8221;4.27.4&#8243; _module_preset=&#8221;default&#8221; global_colors_info=&#8221;{}&#8221;][et_pb_text _builder_version=&#8221;4.27.4&#8243; _module_preset=&#8221;default&#8221; header_2_text_align=&#8221;center&#8221; header_2_font_size_tablet=&#8221;&#8221; header_2_font_size_phone=&#8221;40px&#8221; header_2_font_size_last_edited=&#8221;on|phone&#8221; global_colors_info=&#8221;{}&#8221;]<\/p>\n<h2>Receptes i informaci\u00f3 sobre cosm\u00e8tica natural<\/h2>\n<p>[\/et_pb_text][et_pb_blog fullwidth=&#8221;off&#8221; posts_number=&#8221;3&#8243; excerpt_length=&#8221;100&#8243; show_more=&#8221;on&#8221; show_author=&#8221;off&#8221; show_categories=&#8221;off&#8221; _builder_version=&#8221;4.27.4&#8243; _module_preset=&#8221;default&#8221; header_font_size=&#8221;21px&#8221; global_colors_info=&#8221;{}&#8221;][\/et_pb_blog][\/et_pb_column][\/et_pb_row][et_pb_row column_structure=&#8221;2_5,3_5&#8243; module_id=&#8221;nosotros&#8221; _builder_version=&#8221;4.27.4&#8243; _module_preset=&#8221;default&#8221; background_color=&#8221;#FFFFFF&#8221; border_color_all=&#8221;#FFFFFF&#8221; global_colors_info=&#8221;{}&#8221;][et_pb_column type=&#8221;2_5&#8243; _builder_version=&#8221;4.27.4&#8243; _module_preset=&#8221;default&#8221; global_colors_info=&#8221;{}&#8221;][et_pb_image src=&#8221;https:\/\/sarreldellevant.net\/wp-content\/uploads\/2025\/09\/corporal.png&#8221; title_text=&#8221;jab\u00f3n-corporal-natural&#8221; _builder_version=&#8221;4.27.5&#8243; _module_preset=&#8221;default&#8221; max_width=&#8221;100%&#8221; global_colors_info=&#8221;{}&#8221;][\/et_pb_image][\/et_pb_column][et_pb_column type=&#8221;3_5&#8243; _builder_version=&#8221;4.27.4&#8243; _module_preset=&#8221;default&#8221; global_colors_info=&#8221;{}&#8221;][et_pb_text _builder_version=&#8221;4.27.4&#8243; _module_preset=&#8221;default&#8221; global_colors_info=&#8221;{}&#8221;]<\/p>\n<h2>Sobre nosaltres<\/h2>\n<p>[\/et_pb_text][et_pb_text _builder_version=&#8221;4.27.4&#8243; _module_preset=&#8221;default&#8221; text_font=&#8221;&#8211;et_global_body_font||||||||&#8221; custom_margin=&#8221;-23px|||||&#8221; global_colors_info=&#8221;{}&#8221;]<\/p>\n<p data-start=\"51\" data-end=\"672\"><span dir=\"auto\">Som una jove fam\u00edlia compromesa amb el medi ambient i la salut dels nostres clients.<\/span><\/p>\n<p data-start=\"51\" data-end=\"672\"><span dir=\"auto\">Utilitzem ingredients naturals i sostenibles, seleccionats amb cura i amor per crear productes altament efectius i respectuosos tant per al cos com per a l&#8217;entorn. <\/span><\/p>\n<p data-start=\"51\" data-end=\"672\">Ens preocupa l&#8217;origen dels nostres ingredients, prioritzem aquells de producci\u00f3 local i ecol\u00f2gica. Donem suport a l&#8217;economia local i ecol\u00f2gica i promovem el comer\u00e7 just. A m\u00e9s, tots els nostres productes estan elaborats a m\u00e0 amb una atenci\u00f3 al detall acurada.<\/p>\n<p data-start=\"51\" data-end=\"672\">Creiem que la natura \u00e9s la millor opci\u00f3 per mantenir una bellesa i salut radiant.<\/p>\n<p data-start=\"51\" data-end=\"672\"><strong>Amb aquest projecte artesanal, tornem a all\u00f2 que sempre ha funcionat: olis ecol\u00f2gics, plantes curatives, argiles de terra i ess\u00e8ncies pures. <span style=\"color: #97a399;\">Sense f\u00f3rmules buides. Sense promeses falses. Nom\u00e9s ingredients vius, amb hist\u00f2ria, amb arrels.<\/span> <\/strong><\/p>\n<p>[\/et_pb_text][\/et_pb_column][\/et_pb_row][et_pb_row _builder_version=&#8221;4.27.4&#8243; _module_preset=&#8221;default&#8221; global_colors_info=&#8221;{}&#8221;][et_pb_column type=&#8221;4_4&#8243; _builder_version=&#8221;4.27.4&#8243; _module_preset=&#8221;default&#8221; global_colors_info=&#8221;{}&#8221;][wdcl_image_carousel nav_pagi=&#8221;nav_pagi&#8221; slide_spacing=&#8221;5px&#8221; arrow_height=&#8221;59px&#8221; arrow_width=&#8221;42px&#8221; arrow_icon_size=&#8221;43px&#8221; arrow_color=&#8221;#FFFFFF&#8221; arrow_bg=&#8221;#C3CFC5&#8243; arrow_border_color=&#8221;#C3CFC5&#8243; icon_left=&#8221;&#x34;||divi||400&#8243; icon_right=&#8221;&#x35;||divi||400&#8243; pagi_color=&#8221;#DDD1C0&#8243; _builder_version=&#8221;4.27.4&#8243; _module_preset=&#8221;default&#8221; custom_margin=&#8221;||2px|||&#8221; global_colors_info=&#8221;{}&#8221;][wdcl_image_carousel_child photo=&#8221;https:\/\/sarreldellevant.net\/wp-content\/uploads\/2025\/08\/Photoroom_006_20250401_202958.jpeg&#8221; photo_alt=&#8221;sarrel-de-llevant-sabo-natural&#8221; _builder_version=&#8221;4.27.4&#8243; _module_preset=&#8221;default&#8221; global_colors_info=&#8221;{}&#8221;][\/wdcl_image_carousel_child][wdcl_image_carousel_child photo=&#8221;https:\/\/sarreldellevant.net\/wp-content\/uploads\/2025\/08\/Photoroom_014_20250401_202958.jpeg&#8221; _builder_version=&#8221;4.27.4&#8243; _module_preset=&#8221;default&#8221; global_colors_info=&#8221;{}&#8221;][\/wdcl_image_carousel_child][wdcl_image_carousel_child photo=&#8221;https:\/\/sarreldellevant.net\/wp-content\/uploads\/2025\/08\/Photoroom_20250401_214235.jpeg&#8221; _builder_version=&#8221;4.27.4&#8243; _module_preset=&#8221;default&#8221; global_colors_info=&#8221;{}&#8221;][\/wdcl_image_carousel_child][wdcl_image_carousel_child photo=&#8221;https:\/\/sarreldellevant.net\/wp-content\/uploads\/2025\/08\/Photoroom_20250401_204939.jpeg&#8221; _builder_version=&#8221;4.27.4&#8243; _module_preset=&#8221;default&#8221; global_colors_info=&#8221;{}&#8221;][\/wdcl_image_carousel_child][\/wdcl_image_carousel][\/et_pb_column][\/et_pb_row][\/et_pb_section]<\/p>\n","protected":false},"excerpt":{"rendered":"<p>Enviament gratu\u00eft a Mallorca a partir de 50\u20ac \u00b7 Enviament gratu\u00eft a la pen\u00ednsula i Balears a partir de 70\u20acSabons naturals pell sensibleCosm\u00e8tica natural artesanalAmor en cada detallCosm\u00e8tica Natural de Mallorca Som una jove empresa familiar compromesa amb el medi ambient i la salut dels nostres clients. Utilitzem ingredients naturals i sostenibles, seleccionats amb cura [&hellip;]<\/p>\n","protected":false},"author":1,"featured_media":0,"parent":0,"menu_order":0,"comment_status":"closed","ping_status":"closed","template":"","meta":{"_et_pb_use_builder":"on","_et_pb_old_content":"","_et_gb_content_width":"","om_disable_all_campaigns":false,"_monsterinsights_skip_tracking":false,"_monsterinsights_sitenote_active":false,"_monsterinsights_sitenote_note":"","_monsterinsights_sitenote_category":0,"_uf_show_specific_survey":0,"_uf_disable_surveys":false,"footnotes":""},"class_list":["post-1049","page","type-page","status-publish","hentry"],"aioseo_notices":[],"jetpack_sharing_enabled":true,"_links":{"self":[{"href":"https:\/\/sarreldellevant.net\/ca\/wp-json\/wp\/v2\/pages\/1049","targetHints":{"allow":["GET"]}}],"collection":[{"href":"https:\/\/sarreldellevant.net\/ca\/wp-json\/wp\/v2\/pages"}],"about":[{"href":"https:\/\/sarreldellevant.net\/ca\/wp-json\/wp\/v2\/types\/page"}],"author":[{"embeddable":true,"href":"https:\/\/sarreldellevant.net\/ca\/wp-json\/wp\/v2\/users\/1"}],"replies":[{"embeddable":true,"href":"https:\/\/sarreldellevant.net\/ca\/wp-json\/wp\/v2\/comments?post=1049"}],"version-history":[{"count":40,"href":"https:\/\/sarreldellevant.net\/ca\/wp-json\/wp\/v2\/pages\/1049\/revisions"}],"predecessor-version":[{"id":1506,"href":"https:\/\/sarreldellevant.net\/ca\/wp-json\/wp\/v2\/pages\/1049\/revisions\/1506"}],"wp:attachment":[{"href":"https:\/\/sarreldellevant.net\/ca\/wp-json\/wp\/v2\/media?parent=1049"}],"curies":[{"name":"wp","href":"https:\/\/api.w.org\/{rel}","templated":true}]}}