{"id":1057,"date":"2025-11-11T18:12:40","date_gmt":"2025-11-11T17:12:40","guid":{"rendered":"https:\/\/sarreldellevant.net\/producto\/sabo-de-pell-sensible\/"},"modified":"2025-11-11T18:12:40","modified_gmt":"2025-11-11T17:12:40","slug":"sabo-de-pell-sensible","status":"publish","type":"product","link":"https:\/\/sarreldellevant.net\/ca\/producto\/sabo-de-pell-sensible\/","title":{"rendered":"Sab\u00f3 de pell sensible"},"content":{"rendered":"<p>Sab\u00f3 natural hidratant i calmant, ideal per a pells sensibles o amb tend\u00e8ncia a la irritaci\u00f3. Elaborat artesanalment a Mallorca mitjan\u00e7ant saponificaci\u00f3 en fred, el nostre sab\u00f3 per a pell sensible est\u00e0 formulat amb ingredients naturals acuradament seleccionats per oferir una neteja suau, calmant i nutritiva. <\/p>\n<p>La combinaci\u00f3 d&#8217;avena col\u00b7lo\u00efdal i mantega de karit\u00e9 ajuda a calmar la pell, reduir la irritaci\u00f3 i refor\u00e7ar la barrera cut\u00e0nia. Ideal per a pells delicades, seques o reactives, aquest sab\u00f3 proporciona hidrataci\u00f3 i confort diari sense ressecar. <\/p>\n<p><strong>Ingredients clau i beneficis:<\/strong><\/p>\n<ul>\n<li><strong>Avena col\u00b7lo\u00efdal (Avena Sativa):<\/strong> calmant natural, alleuja irritacions i picors.<\/li>\n<li><strong>Mantega de karit\u00e9 (Butyrospermum Parkii):<\/strong> rica en \u00e0cids grassos i vitamines, hidrata en profunditat i protegeix la pell.<\/li>\n<li><strong>Olis de coco, oliva, ric\u00ed i mantega de cacau:<\/strong> nodreixen la pell, aporten suavitat i una escuma delicada.<\/li>\n<li><strong>Mel en pols:<\/strong> propietats suavitzants i humectants que ajuden a mantenir la hidrataci\u00f3 natural.<\/li>\n<\/ul>\n<p><strong>F\u00f3rmula natural i conscient:<\/strong><\/p>\n<ul>\n<li>100 % ingredients naturals i biodegradables.<\/li>\n<li>Sense sulfats, parabens ni colorants artificials.<\/li>\n<li>Veg\u00e0 i no testat en animals.<\/li>\n<li>Fet a m\u00e0 amb ingredients procedents d&#8217;agricultura ecol\u00f2gica.<\/li>\n<\/ul>\n<p><!-- C\u00d3MO USARLO --><\/p>\n<details>\n<summary><strong>COM USAR-LO<\/strong><\/summary>\n<p>Humiteja el sab\u00f3 i frega&#8217;l entre les mans o sobre una esponja.<br \/>\nMassatja sobre la pell humida amb moviments circulars.<br \/>\nEsbandeix el sab\u00f3 de la pell amb aigua t\u00e8bia.<br \/>\nConserva&#8217;l en un lloc sec entre usos (idealment en una sabonera amb drenatge o en una bossa de cot\u00f3).<\/p>\n<\/details>\n<p><!-- INCI \u2013 INGREDIENTES --><\/p>\n<details style=\"margin-bottom: 15px;\">\n<summary><strong>INCI \u2013 INGREDIENTS<\/strong><\/summary>\n<p>Olea Europaea Oil, Aqua, Cocos Nucifera Oil, Sodium Hydroxide, Butyrospermum Parkii Butter,<br \/>\nRicinus Communis Oil, Theobroma Cacao Seed Butter, Sodium Lactate, Avena Sativa (Oat) Kernel Flour,<br \/>\nMaltodextrin, Honey Powder.<br \/>\n<em>*Presents de forma natural.<\/em><\/p>\n<\/details>\n","protected":false},"excerpt":{"rendered":"<p>Sab\u00f3 natural hidratant i calmant, ideal per a pell sensible o amb tend\u00e8ncia a la irritaci\u00f3.<\/p>\n","protected":false},"featured_media":1058,"comment_status":"open","ping_status":"closed","template":"","meta":{"_et_pb_use_builder":"","_et_pb_old_content":"","_et_gb_content_width":"","om_disable_all_campaigns":false,"_monsterinsights_skip_tracking":false,"_monsterinsights_sitenote_active":false,"_monsterinsights_sitenote_note":"","_monsterinsights_sitenote_category":0,"_uf_show_specific_survey":0,"_uf_disable_surveys":false},"product_brand":[],"product_cat":[82],"product_tag":[85,86,84],"class_list":{"0":"post-1057","1":"product","2":"type-product","3":"status-publish","4":"has-post-thumbnail","6":"product_cat-cura-corporal","7":"product_tag-artesanal","8":"product_tag-pell-sensible","9":"product_tag-producte-vega","11":"first","12":"instock","13":"taxable","14":"shipping-taxable","15":"purchasable","16":"product-type-simple"},"aioseo_notices":[],"jetpack_sharing_enabled":true,"_links":{"self":[{"href":"https:\/\/sarreldellevant.net\/ca\/wp-json\/wp\/v2\/product\/1057","targetHints":{"allow":["GET"]}}],"collection":[{"href":"https:\/\/sarreldellevant.net\/ca\/wp-json\/wp\/v2\/product"}],"about":[{"href":"https:\/\/sarreldellevant.net\/ca\/wp-json\/wp\/v2\/types\/product"}],"replies":[{"embeddable":true,"href":"https:\/\/sarreldellevant.net\/ca\/wp-json\/wp\/v2\/comments?post=1057"}],"wp:featuredmedia":[{"embeddable":true,"href":"https:\/\/sarreldellevant.net\/ca\/wp-json\/wp\/v2\/media\/1058"}],"wp:attachment":[{"href":"https:\/\/sarreldellevant.net\/ca\/wp-json\/wp\/v2\/media?parent=1057"}],"wp:term":[{"taxonomy":"product_brand","embeddable":true,"href":"https:\/\/sarreldellevant.net\/ca\/wp-json\/wp\/v2\/product_brand?post=1057"},{"taxonomy":"product_cat","embeddable":true,"href":"https:\/\/sarreldellevant.net\/ca\/wp-json\/wp\/v2\/product_cat?post=1057"},{"taxonomy":"product_tag","embeddable":true,"href":"https:\/\/sarreldellevant.net\/ca\/wp-json\/wp\/v2\/product_tag?post=1057"}],"curies":[{"name":"wp","href":"https:\/\/api.w.org\/{rel}","templated":true}]}}