{"id":1116,"date":"2025-11-21T11:58:36","date_gmt":"2025-11-21T10:58:36","guid":{"rendered":"https:\/\/sarreldellevant.net\/producto\/sabo-de-romani\/"},"modified":"2025-11-21T11:58:36","modified_gmt":"2025-11-21T10:58:36","slug":"sabo-de-romani","status":"publish","type":"product","link":"https:\/\/sarreldellevant.net\/ca\/producto\/sabo-de-romani\/","title":{"rendered":"Sab\u00f3 de roman\u00ed"},"content":{"rendered":"<p class=\"\" data-start=\"734\" data-end=\"864\"><strong>Sab\u00f3 de roman\u00ed, revitalitzant, hidratant i estimulant. Apte per a tot tipus de pells. <\/strong><\/p>\n<p class=\"\" data-start=\"362\" data-end=\"553\">Elaborat artesanalment a Mallorca mitjan\u00e7ant saponificaci\u00f3 en fred, el nostre <strong data-start=\"440\" data-end=\"459\">Sab\u00f3 de Roman\u00ed<\/strong> \u00e9s una f\u00f3rmula 100% natural dissenyada per netejar suaument, hidratar i revitalitzar la pell. Amb l&#8217;inconfusible aroma herbal del roman\u00ed i una barreja nutritiva d&#8217;olis vegetals i mantegues, aquest sab\u00f3 desperta els sentits i proporciona una experi\u00e8ncia rejovenidora en cada \u00fas. Perfecte per comen\u00e7ar el dia amb energia i frescor.  <\/p>\n<p data-start=\"362\" data-end=\"553\">Una opci\u00f3 natural per a aquells que desitgen cuidar la seva pell mentre gaudeixen de l&#8217;aroma estimulant i purificant del roman\u00ed.<\/p>\n<p class=\"\" data-start=\"555\" data-end=\"801\"><em data-start=\"805\" data-end=\"885\">No recomanat per a nens menors de 3 anys, dones embarassades ni lactants.<\/em><\/p>\n<p><strong>Ingredients clau i beneficis:<\/strong><\/p>\n<ul>\n<li><strong data-start=\"934\" data-end=\"971\">Oli essencial i pols de roman\u00ed<\/strong> (<em data-start=\"973\" data-end=\"997\">Rosmarinus Officinalis<\/em>): Estimula la circulaci\u00f3, tonifica la pell i aporta un aroma fresc i revitalitzant.<\/li>\n<li><strong data-start=\"1088\" data-end=\"1114\">Oli de coco i oliva<\/strong>: Neteja sense ressecar, deixant la pell suau i protegida.<\/li>\n<li><strong data-start=\"1176\" data-end=\"1205\">Mantega de cacau i karit\u00e9<\/strong>: Nodreixen i hidraten en profunditat.<\/li>\n<li><strong data-start=\"1245\" data-end=\"1271\">Pols de llimona i menta<\/strong>: Refresquen i revitalitzen, aportant un toc suau d&#8217;exfoliaci\u00f3.<\/li>\n<\/ul>\n<p><strong>F\u00f3rmula natural i conscient:<\/strong><\/p>\n<ul>\n<li>100% ingredients naturals i biodegradables.<\/li>\n<li>Sense sulfats, parabens ni colorants artificials.<\/li>\n<li>Veg\u00e0 i no testat en animals.<\/li>\n<li>Fet a m\u00e0 amb ingredients procedents d&#8217;agricultura ecol\u00f2gica.<\/li>\n<\/ul>\n<p><!-- C\u00d3MO USARLO --><\/p>\n<details>\n<summary><strong>COM UTILITZAR-LO<\/strong><\/summary>\n<p>Humiteja el sab\u00f3 i frega&#8217;l entre les mans o sobre una esponja, massatgeu sobre la pell humida amb moviments circulars.<br \/>\nAclareix el sab\u00f3 de la pell amb aigua t\u00e8bia.<br \/>\nConserva en un lloc sec entre usos (idealment en una sabonera amb drenatge o en una bossa de cot\u00f3).<\/p>\n<\/details>\n<p><!-- INCI \u2013 INGREDIENTES --><\/p>\n<details style=\"margin-bottom: 15px;\">\n<summary><strong>INCI \u2013 INGREDIENTS<\/strong><\/summary>\n<p><em data-start=\"1961\" data-end=\"2288\">Olea Europaea Oil**, Aqua, Cocos Nucifera Oil**, Sodium Hydroxide, Butyrospermum Parkii Butter, Ricinus Communis Oil, Theobroma Cacao Seed Butter, Sodium Lactate, Sodium Chloride, Rosmarinus Officinalis Leaf Oil, Rosmarinus Officinalis Powder, Citrus Limon Peel Powder, Mentha Piperita Leaf Powder, Limonene*, Linalool*<\/em><br data-start=\"2288\" data-end=\"2291\">*Al\u00b7l\u00e8rgens presents de forma natural en els olis essencials<br data-start=\"2355\" data-end=\"2358\">**Ingredients procedents d&#8217;agricultura ecol\u00f2gi<\/p>\n<\/details>\n","protected":false},"excerpt":{"rendered":"<p>Una opci\u00f3 natural per a aquells que desitgen cuidar la seva pell mentre gaudeixen de l&#8217;aroma estimulant i purificant del roman\u00ed.<\/p>\n","protected":false},"featured_media":510,"comment_status":"open","ping_status":"closed","template":"","meta":{"_et_pb_use_builder":"","_et_pb_old_content":"","_et_gb_content_width":"","om_disable_all_campaigns":false,"_monsterinsights_skip_tracking":false,"_monsterinsights_sitenote_active":false,"_monsterinsights_sitenote_note":"","_monsterinsights_sitenote_category":0,"_uf_show_specific_survey":0,"_uf_disable_surveys":false},"product_brand":[],"product_cat":[82],"product_tag":[85,86,87,83],"class_list":{"0":"post-1116","1":"product","2":"type-product","3":"status-publish","4":"has-post-thumbnail","6":"product_cat-cura-corporal","7":"product_tag-artesanal","8":"product_tag-pell-sensible","9":"product_tag-sense-parabens","10":"product_tag-tot-tipus-de-pells","12":"first","13":"instock","14":"taxable","15":"shipping-taxable","16":"purchasable","17":"product-type-simple"},"aioseo_notices":[],"jetpack_sharing_enabled":true,"_links":{"self":[{"href":"https:\/\/sarreldellevant.net\/ca\/wp-json\/wp\/v2\/product\/1116","targetHints":{"allow":["GET"]}}],"collection":[{"href":"https:\/\/sarreldellevant.net\/ca\/wp-json\/wp\/v2\/product"}],"about":[{"href":"https:\/\/sarreldellevant.net\/ca\/wp-json\/wp\/v2\/types\/product"}],"replies":[{"embeddable":true,"href":"https:\/\/sarreldellevant.net\/ca\/wp-json\/wp\/v2\/comments?post=1116"}],"wp:featuredmedia":[{"embeddable":true,"href":"https:\/\/sarreldellevant.net\/ca\/wp-json\/wp\/v2\/media\/510"}],"wp:attachment":[{"href":"https:\/\/sarreldellevant.net\/ca\/wp-json\/wp\/v2\/media?parent=1116"}],"wp:term":[{"taxonomy":"product_brand","embeddable":true,"href":"https:\/\/sarreldellevant.net\/ca\/wp-json\/wp\/v2\/product_brand?post=1116"},{"taxonomy":"product_cat","embeddable":true,"href":"https:\/\/sarreldellevant.net\/ca\/wp-json\/wp\/v2\/product_cat?post=1116"},{"taxonomy":"product_tag","embeddable":true,"href":"https:\/\/sarreldellevant.net\/ca\/wp-json\/wp\/v2\/product_tag?post=1116"}],"curies":[{"name":"wp","href":"https:\/\/api.w.org\/{rel}","templated":true}]}}